{"id":4,"date":"2016-02-17T11:12:27","date_gmt":"2016-02-17T11:12:27","guid":{"rendered":"http:\/\/test.bildervomschmied.de\/?page_id=4"},"modified":"2025-04-08T10:59:51","modified_gmt":"2025-04-08T08:59:51","slug":"startseite","status":"publish","type":"page","link":"http:\/\/test.bildervomschmied.de\/","title":{"rendered":"Startseite"},"content":{"rendered":"<h2 style=\"text-align: center;\"><strong><span style=\"color: #ff0000;\">Liebe Fans, liebe Freunde:<\/span><\/strong><\/h2>\n<h3 class=\"wp-block-heading has-text-align-center\"><strong><span class=\"has-inline-color has-vivid-red-color\"><span style=\"color: #3366ff;\">Eine Terminvereinbarung<\/span><\/span><\/strong><\/h3>\n<h3 class=\"wp-block-heading has-text-align-center\"><span style=\"color: #3366ff;\"><strong><span class=\"has-inline-color has-vivid-red-color\"><span style=\"color: #3366ff;\">zur Besichtigung der Galerie<\/span><\/span><\/strong><\/span><\/h3>\n<h3 class=\"wp-block-heading has-text-align-center\"><strong><span class=\"has-inline-color has-vivid-red-color\"><span style=\"color: #3366ff;\">ist jederzeit per E-Mail (horst.schmied@gmx.de)<\/span><\/span><\/strong><\/h3>\n<h3 class=\"wp-block-heading has-text-align-center\"><span style=\"color: #3366ff;\"><strong><span class=\"has-inline-color has-vivid-red-color\"><span style=\"color: #3366ff;\">oder Telefonisch (0175-663 72 88) m\u00f6glich!<\/span><\/span><\/strong><\/span><\/h3>\n<p style=\"text-align: left;\">Schmieds Bilder, weit \u00fcber Niedersachsen hinaus, l\u00e4ngst ein Begriff geworden, kann man seit 1992 (zweimal j\u00e4hrlich) in mehrw\u00f6chigen Ausstellungen be\u00e4ugen und erwerben.<\/p>\n<p style=\"text-align: left;\">Nach Vereinbarung nat\u00fcrlich jederzeit.<\/p>\n<p style=\"text-align: left;\">Pr\u00e4sentationen in Salzburg, Hamburg und Offenbach, auf Sylt, in Italien und in Bayern am Chiemsee und Braunschweig, brachten bemerkenswerte Erfolge.<\/p>\n<p style=\"text-align: left;\">Die insgesamt sechs TV-Beitr\u00e4ge des NDR Fernsehens trugen zum Bekanntheitsgrad bei.<\/p>\n<p style=\"text-align: left;\"><a href=\"http:\/\/test.bildervomschmied.de\/wp-content\/uploads\/2016\/02\/FB-3.jpg\" target=\"_blank\" rel=\"noopener noreferrer\"><img loading=\"lazy\" decoding=\"async\" class=\"alignright wp-image-160 size-medium\" src=\"http:\/\/test.bildervomschmied.de\/wp-content\/uploads\/2016\/02\/FB-3-300x199.jpg\" alt=\"FB-3\" width=\"300\" height=\"199\" srcset=\"http:\/\/test.bildervomschmied.de\/wp-content\/uploads\/2016\/02\/FB-3-300x199.jpg 300w, http:\/\/test.bildervomschmied.de\/wp-content\/uploads\/2016\/02\/FB-3-768x510.jpg 768w, http:\/\/test.bildervomschmied.de\/wp-content\/uploads\/2016\/02\/FB-3-1024x680.jpg 1024w, http:\/\/test.bildervomschmied.de\/wp-content\/uploads\/2016\/02\/FB-3-452x300.jpg 452w, http:\/\/test.bildervomschmied.de\/wp-content\/uploads\/2016\/02\/FB-3.jpg 1181w\" sizes=\"auto, (max-width: 300px) 100vw, 300px\" \/><\/a>Die Galerie in Lagesb\u00fcttel, Wohnhaus seit 1964, heute ein Klassiker, vermittelt den Galerieg\u00e4sten einen genussvollen Einstieg in eine Welt der Gestaltung und brillanter Details<\/p>\n<p>Zu sehen sind Bilder des Hausherrn, Motive aus unterschiedlichen Bereichen mit vielseitigen Inhalten, Eindr\u00fccken und Erlebnissen u. a. aus der Toskana, von Nord- und Ostsee sowie der Provence.<\/p>\n<p>Neu sind Motive aus dem Bayerischen vom Chiemsee.<\/p>\n<p>Herzliche Gr\u00fc\u00dfe aus Lagesb\u00fcttel<br \/>Ingrid und Horst Schmied<\/p>\n<hr \/>\n<h3><strong><span style=\"color: #ff0000;\">Neue Inhalte auf der Homepage:<\/span><\/strong><\/h3>\n<h5><mark class=\"has-inline-color has-vivid-red-color\"><strong>Einladungskarte Fr\u00fchling 2025:<\/strong><\/mark><\/h5>\n<p><a href=\"http:\/\/test.bildervomschmied.de\/wp-content\/uploads\/2025\/04\/2025-03_Einladung-Fruehling-2025_INTERNET.pdf\" target=\"_blank\" rel=\"attachment noopener wp-att-2368\"><img loading=\"lazy\" decoding=\"async\" class=\"alignnone size-medium wp-image-2368\" src=\"http:\/\/test.bildervomschmied.de\/wp-content\/uploads\/2025\/04\/Fruehling-2025_1-300x214.jpg\" alt=\"\" width=\"300\" height=\"214\" srcset=\"http:\/\/test.bildervomschmied.de\/wp-content\/uploads\/2025\/04\/Fruehling-2025_1-300x214.jpg 300w, http:\/\/test.bildervomschmied.de\/wp-content\/uploads\/2025\/04\/Fruehling-2025_1-1024x731.jpg 1024w, http:\/\/test.bildervomschmied.de\/wp-content\/uploads\/2025\/04\/Fruehling-2025_1-768x548.jpg 768w, http:\/\/test.bildervomschmied.de\/wp-content\/uploads\/2025\/04\/Fruehling-2025_1.jpg 1321w\" sizes=\"auto, (max-width: 300px) 100vw, 300px\" \/> <\/a><a href=\"http:\/\/test.bildervomschmied.de\/wp-content\/uploads\/2025\/04\/2025-03_Einladung-Fruehling-2025_INTERNET.pdf\" target=\"_blank\" rel=\"attachment noopener wp-att-2369\"><img loading=\"lazy\" decoding=\"async\" class=\"alignnone size-medium wp-image-2369\" src=\"http:\/\/test.bildervomschmied.de\/wp-content\/uploads\/2025\/04\/Fruehling-2025_2-300x207.jpg\" alt=\"\" width=\"300\" height=\"207\" srcset=\"http:\/\/test.bildervomschmied.de\/wp-content\/uploads\/2025\/04\/Fruehling-2025_2-300x207.jpg 300w, http:\/\/test.bildervomschmied.de\/wp-content\/uploads\/2025\/04\/Fruehling-2025_2-1024x707.jpg 1024w, http:\/\/test.bildervomschmied.de\/wp-content\/uploads\/2025\/04\/Fruehling-2025_2-768x530.jpg 768w, http:\/\/test.bildervomschmied.de\/wp-content\/uploads\/2025\/04\/Fruehling-2025_2.jpg 1358w\" sizes=\"auto, (max-width: 300px) 100vw, 300px\" \/><\/a><!--more--><\/p>\n<hr \/>\n<h5><mark class=\"has-inline-color has-vivid-red-color\"><strong>Einladungskarte Weihnachten 2024:<\/strong><\/mark><\/h5>\n<p><a href=\"http:\/\/test.bildervomschmied.de\/wp-content\/uploads\/2024\/11\/Einladung-2024_Advent-mal-anders_INTERNET.pdf\" target=\"_blank\" rel=\"attachment noopener wp-att-2361\"><img loading=\"lazy\" decoding=\"async\" class=\"alignnone size-medium wp-image-2361\" src=\"http:\/\/test.bildervomschmied.de\/wp-content\/uploads\/2024\/11\/Screenshot-2024-11-29-113127-300x210.jpg\" alt=\"\" width=\"300\" height=\"210\" srcset=\"http:\/\/test.bildervomschmied.de\/wp-content\/uploads\/2024\/11\/Screenshot-2024-11-29-113127-300x210.jpg 300w, http:\/\/test.bildervomschmied.de\/wp-content\/uploads\/2024\/11\/Screenshot-2024-11-29-113127-1024x718.jpg 1024w, http:\/\/test.bildervomschmied.de\/wp-content\/uploads\/2024\/11\/Screenshot-2024-11-29-113127-768x539.jpg 768w, http:\/\/test.bildervomschmied.de\/wp-content\/uploads\/2024\/11\/Screenshot-2024-11-29-113127.jpg 1156w\" sizes=\"auto, (max-width: 300px) 100vw, 300px\" \/><\/a><\/p>\n<hr \/>\n<h5><mark class=\"has-inline-color has-vivid-red-color\"><strong>Einladungskarte Fr\u00fchling 2024:<\/strong><\/mark><\/h5>\n<p><a href=\"http:\/\/test.bildervomschmied.de\/wp-content\/uploads\/2024\/02\/Fruehlingseinladung_Titelseite_INTERNET.pdf\" target=\"_blank\" rel=\"noopener\"><img loading=\"lazy\" decoding=\"async\" class=\"alignnone wp-image-2335 size-medium\" src=\"http:\/\/test.bildervomschmied.de\/wp-content\/uploads\/2024\/02\/Fruehlingseinladung-2024-296x300.jpg\" alt=\"\" width=\"296\" height=\"300\" srcset=\"http:\/\/test.bildervomschmied.de\/wp-content\/uploads\/2024\/02\/Fruehlingseinladung-2024-296x300.jpg 296w, http:\/\/test.bildervomschmied.de\/wp-content\/uploads\/2024\/02\/Fruehlingseinladung-2024-768x778.jpg 768w, http:\/\/test.bildervomschmied.de\/wp-content\/uploads\/2024\/02\/Fruehlingseinladung-2024.jpg 927w\" sizes=\"auto, (max-width: 296px) 100vw, 296px\" \/><\/a><\/p>\n<hr \/>\n<h5><mark class=\"has-inline-color has-vivid-red-color\"><strong>Einladungskarte Fr\u00fchlings 2024 &#8211; Termin:<\/strong><\/mark><\/h5>\n<figure class=\"wp-block-image\"><\/figure>\n<h5><a href=\"http:\/\/test.bildervomschmied.de\/wp-content\/uploads\/2024\/02\/Fruehlingseinladung_Terminseite_INTERNET.pdf\" target=\"_blank\" rel=\"attachment noopener wp-att-2350\"><img loading=\"lazy\" decoding=\"async\" class=\"alignnone wp-image-2350 size-medium\" src=\"http:\/\/test.bildervomschmied.de\/wp-content\/uploads\/2024\/02\/Fruehlingseinladung-2024-1-296x300.jpg\" alt=\"\" width=\"296\" height=\"300\" srcset=\"http:\/\/test.bildervomschmied.de\/wp-content\/uploads\/2024\/02\/Fruehlingseinladung-2024-1-296x300.jpg 296w, http:\/\/test.bildervomschmied.de\/wp-content\/uploads\/2024\/02\/Fruehlingseinladung-2024-1-768x779.jpg 768w, http:\/\/test.bildervomschmied.de\/wp-content\/uploads\/2024\/02\/Fruehlingseinladung-2024-1.jpg 927w\" sizes=\"auto, (max-width: 296px) 100vw, 296px\" \/><\/a><\/h5>\n<hr \/>\n<h5><mark class=\"has-inline-color has-vivid-red-color\"><strong>Einladungskarte Fr\u00fchling 2024 &#8211; Leporello:<\/strong><\/mark><\/h5>\n<p><a href=\"http:\/\/test.bildervomschmied.de\/wp-content\/uploads\/2024\/02\/Fruehlingseinladung_Leporello_INTERNET.pdf\" target=\"_blank\" rel=\"attachment noopener wp-att-2349\"><img loading=\"lazy\" decoding=\"async\" class=\"alignnone wp-image-2349 size-medium\" src=\"http:\/\/test.bildervomschmied.de\/wp-content\/uploads\/2024\/02\/Fruehlingseinladung-2024-2-300x73.jpg\" alt=\"\" width=\"300\" height=\"73\" srcset=\"http:\/\/test.bildervomschmied.de\/wp-content\/uploads\/2024\/02\/Fruehlingseinladung-2024-2-300x73.jpg 300w, http:\/\/test.bildervomschmied.de\/wp-content\/uploads\/2024\/02\/Fruehlingseinladung-2024-2-1024x248.jpg 1024w, http:\/\/test.bildervomschmied.de\/wp-content\/uploads\/2024\/02\/Fruehlingseinladung-2024-2-768x186.jpg 768w, http:\/\/test.bildervomschmied.de\/wp-content\/uploads\/2024\/02\/Fruehlingseinladung-2024-2.jpg 1032w\" sizes=\"auto, (max-width: 300px) 100vw, 300px\" \/><\/a><\/p>\n<hr \/>\n<h5><mark class=\"has-inline-color has-vivid-red-color\"><strong>Au\u00dfenbilder Advent 2022:<\/strong><\/mark><\/h5>\n<p><a href=\"http:\/\/test.bildervomschmied.de\/wp-content\/uploads\/2022\/11\/Flyer-Aussenbilder-Advent-2022_INTERNET.pdf\"><img loading=\"lazy\" decoding=\"async\" class=\"alignnone wp-image-2212 size-medium\" src=\"http:\/\/test.bildervomschmied.de\/wp-content\/uploads\/2022\/11\/Aussenbilder-2022-270x300.png\" alt=\"\" width=\"270\" height=\"300\" srcset=\"http:\/\/test.bildervomschmied.de\/wp-content\/uploads\/2022\/11\/Aussenbilder-2022-270x300.png 270w, http:\/\/test.bildervomschmied.de\/wp-content\/uploads\/2022\/11\/Aussenbilder-2022.png 564w\" sizes=\"auto, (max-width: 270px) 100vw, 270px\" \/><\/a><\/p>\n<hr \/>\n<h5><mark class=\"has-inline-color has-vivid-red-color\"><strong>Neue Motive Oktober 2022:<\/strong><\/mark><\/h5>\n<h5><a href=\"http:\/\/test.bildervomschmied.de\/?page_id=2184\" target=\"_blank\" rel=\"noopener\"><img loading=\"lazy\" decoding=\"async\" class=\"alignnone wp-image-2180 size-medium\" src=\"http:\/\/test.bildervomschmied.de\/wp-content\/uploads\/2022\/10\/Oktober-2022-11-286x300.jpg\" alt=\"\" width=\"286\" height=\"300\" srcset=\"http:\/\/test.bildervomschmied.de\/wp-content\/uploads\/2022\/10\/Oktober-2022-11-286x300.jpg 286w, http:\/\/test.bildervomschmied.de\/wp-content\/uploads\/2022\/10\/Oktober-2022-11-978x1024.jpg 978w, http:\/\/test.bildervomschmied.de\/wp-content\/uploads\/2022\/10\/Oktober-2022-11-768x804.jpg 768w, http:\/\/test.bildervomschmied.de\/wp-content\/uploads\/2022\/10\/Oktober-2022-11-1466x1536.jpg 1466w, http:\/\/test.bildervomschmied.de\/wp-content\/uploads\/2022\/10\/Oktober-2022-11.jpg 1477w\" sizes=\"auto, (max-width: 286px) 100vw, 286px\" \/><\/a><\/h5>\n<hr \/>\n<h5><mark class=\"has-inline-color has-vivid-red-color\"><strong>Neue Motive August 2022:<\/strong><\/mark><\/h5>\n<p><a href=\"http:\/\/test.bildervomschmied.de\/?page_id=2154\" target=\"_blank\" rel=\"noopener\"><img loading=\"lazy\" decoding=\"async\" class=\"alignnone wp-image-2148 size-medium\" src=\"http:\/\/test.bildervomschmied.de\/wp-content\/uploads\/2022\/08\/August-2022-16-289x300.jpg\" alt=\"\" width=\"289\" height=\"300\" srcset=\"http:\/\/test.bildervomschmied.de\/wp-content\/uploads\/2022\/08\/August-2022-16-289x300.jpg 289w, http:\/\/test.bildervomschmied.de\/wp-content\/uploads\/2022\/08\/August-2022-16-986x1024.jpg 986w, http:\/\/test.bildervomschmied.de\/wp-content\/uploads\/2022\/08\/August-2022-16-768x798.jpg 768w, http:\/\/test.bildervomschmied.de\/wp-content\/uploads\/2022\/08\/August-2022-16.jpg 1478w\" sizes=\"auto, (max-width: 289px) 100vw, 289px\" \/><\/a><\/p>\n<hr \/>\n<h5><mark class=\"has-inline-color has-vivid-red-color\"><strong>Neue Motive Mai &#8211; Juli 2022:<\/strong><\/mark><\/h5>\n<p><a href=\"http:\/\/test.bildervomschmied.de\/?page_id=2118\" target=\"_blank\" rel=\"noopener\"><img loading=\"lazy\" decoding=\"async\" class=\"alignnone wp-image-2093 size-medium\" src=\"http:\/\/test.bildervomschmied.de\/wp-content\/uploads\/2022\/07\/Mai-Juli-2022-1-289x300.jpg\" alt=\"\" width=\"289\" height=\"300\" srcset=\"http:\/\/test.bildervomschmied.de\/wp-content\/uploads\/2022\/07\/Mai-Juli-2022-1-289x300.jpg 289w, http:\/\/test.bildervomschmied.de\/wp-content\/uploads\/2022\/07\/Mai-Juli-2022-1-985x1024.jpg 985w, http:\/\/test.bildervomschmied.de\/wp-content\/uploads\/2022\/07\/Mai-Juli-2022-1-768x798.jpg 768w, http:\/\/test.bildervomschmied.de\/wp-content\/uploads\/2022\/07\/Mai-Juli-2022-1.jpg 1477w\" sizes=\"auto, (max-width: 289px) 100vw, 289px\" \/><\/a><\/p>\n<hr \/>\n<h5><mark class=\"has-inline-color has-vivid-red-color\"><strong>Neue Motive April-Mai 2022:<\/strong><\/mark><\/h5>\n<p><a href=\"http:\/\/test.bildervomschmied.de\/wp-content\/uploads\/2022\/06\/2022-04_Mai-Flyer_INTERNET.pdf\" target=\"_blank\" rel=\"noopener\"><img loading=\"lazy\" decoding=\"async\" class=\"alignnone size-medium wp-image-2080\" src=\"http:\/\/test.bildervomschmied.de\/wp-content\/uploads\/2022\/06\/Motive-April-Mai-2022-259x300.jpg\" alt=\"\" width=\"259\" height=\"300\" srcset=\"http:\/\/test.bildervomschmied.de\/wp-content\/uploads\/2022\/06\/Motive-April-Mai-2022-259x300.jpg 259w, http:\/\/test.bildervomschmied.de\/wp-content\/uploads\/2022\/06\/Motive-April-Mai-2022.jpg 700w\" sizes=\"auto, (max-width: 259px) 100vw, 259px\" \/><\/a><\/p>\n<hr \/>\n<h5><mark class=\"has-inline-color has-vivid-red-color\"><strong>Einladungskarte Saisonstart 2022:<\/strong><\/mark><\/h5>\n<p><a href=\"http:\/\/test.bildervomschmied.de\/wp-content\/uploads\/2022\/04\/2022-02_Faltflyer_Ostern-2022_INTERNET.pdf\" target=\"_blank\" rel=\"noopener\"><img loading=\"lazy\" decoding=\"async\" class=\"alignnone wp-image-2064 size-medium\" src=\"http:\/\/test.bildervomschmied.de\/wp-content\/uploads\/2022\/04\/Einladungskarte-300x214.jpg\" alt=\"\" width=\"300\" height=\"214\" srcset=\"http:\/\/test.bildervomschmied.de\/wp-content\/uploads\/2022\/04\/Einladungskarte-300x214.jpg 300w, http:\/\/test.bildervomschmied.de\/wp-content\/uploads\/2022\/04\/Einladungskarte-1024x731.jpg 1024w, http:\/\/test.bildervomschmied.de\/wp-content\/uploads\/2022\/04\/Einladungskarte-768x548.jpg 768w, http:\/\/test.bildervomschmied.de\/wp-content\/uploads\/2022\/04\/Einladungskarte.jpg 1226w\" sizes=\"auto, (max-width: 300px) 100vw, 300px\" \/><\/a><\/p>\n<hr \/>\n<h5><mark class=\"has-inline-color has-vivid-red-color\"><strong><a href=\"http:\/\/test.bildervomschmied.de\/?page_id=1101\" target=\"_blank\" rel=\"noopener\">Saisonstart 2022 mit neuen Bildern:<\/a><\/strong><\/mark><\/h5>\n<p><a href=\"http:\/\/test.bildervomschmied.de\/?bwg_gallery=saisonstart-2022\" target=\"_blank\" rel=\"noopener\"><img loading=\"lazy\" decoding=\"async\" class=\"alignnone wp-image-2003 size-medium\" src=\"http:\/\/test.bildervomschmied.de\/wp-content\/uploads\/2022\/03\/Saisonstart-2022_Neue-Kreationen-2-231x300.jpg\" alt=\"\" width=\"231\" height=\"300\" srcset=\"http:\/\/test.bildervomschmied.de\/wp-content\/uploads\/2022\/03\/Saisonstart-2022_Neue-Kreationen-2-231x300.jpg 231w, http:\/\/test.bildervomschmied.de\/wp-content\/uploads\/2022\/03\/Saisonstart-2022_Neue-Kreationen-2-790x1024.jpg 790w, http:\/\/test.bildervomschmied.de\/wp-content\/uploads\/2022\/03\/Saisonstart-2022_Neue-Kreationen-2-768x996.jpg 768w, http:\/\/test.bildervomschmied.de\/wp-content\/uploads\/2022\/03\/Saisonstart-2022_Neue-Kreationen-2-1185x1536.jpg 1185w, http:\/\/test.bildervomschmied.de\/wp-content\/uploads\/2022\/03\/Saisonstart-2022_Neue-Kreationen-2.jpg 1477w\" sizes=\"auto, (max-width: 231px) 100vw, 231px\" \/><\/a><\/p>\n<hr \/>\n<h5><mark class=\"has-inline-color has-vivid-red-color\"><strong><a href=\"http:\/\/test.bildervomschmied.de\/wp-content\/uploads\/2022\/04\/Flyer-Aussenbilder-Saisonstart_INTERNET.pdf\" target=\"_blank\" rel=\"noreferrer noopener\">Outdoor-Bilder, beliebt und begehrt:<\/a><\/strong><\/mark><\/h5>\n<p><a href=\"http:\/\/test.bildervomschmied.de\/?page_id=1101\" target=\"_blank\" rel=\"noopener\"><img loading=\"lazy\" decoding=\"async\" class=\"alignnone wp-image-2037 size-medium\" src=\"http:\/\/test.bildervomschmied.de\/wp-content\/uploads\/2022\/04\/Outdoor-Bilder-300x260.jpg\" alt=\"\" width=\"300\" height=\"260\" srcset=\"http:\/\/test.bildervomschmied.de\/wp-content\/uploads\/2022\/04\/Outdoor-Bilder-300x260.jpg 300w, http:\/\/test.bildervomschmied.de\/wp-content\/uploads\/2022\/04\/Outdoor-Bilder.jpg 377w\" sizes=\"auto, (max-width: 300px) 100vw, 300px\" \/><\/a><\/p>\n<hr \/>\n\n\n<p class=\"has-medium-font-size\"><mark style=\"background-color:rgba(0, 0, 0, 0)\" class=\"has-inline-color has-vivid-cyan-blue-color\">Kommunikation online:<\/mark><\/p>\n\n\n\n<ul class=\"wp-block-list has-medium-font-size\">\n<li>Wir zeigen ver\u00e4nderte Gestaltungsbereiche,<\/li>\n\n\n\n<li>neue Motive aus 2020 und 2021,<\/li>\n\n\n\n<li>Bilder die Ihnen noch unbekannt sind:\n<ul class=\"wp-block-list\">\n<li><a href=\"http:\/\/test.bildervomschmied.de\/?bwg_gallery=august-2020\" target=\"_blank\" rel=\"noreferrer noopener\">Bilder August 2020<\/a><\/li>\n\n\n\n<li><a rel=\"noreferrer noopener\" href=\"http:\/\/test.bildervomschmied.de\/?bwg_gallery=juni-juli-2020\" target=\"_blank\">Bilder<\/a><a href=\"http:\/\/test.bildervomschmied.de\/?bwg_gallery=juni-juli-2020\" target=\"_blank\" rel=\"noreferrer noopener\"> <\/a><a rel=\"noreferrer noopener\" href=\"http:\/\/test.bildervomschmied.de\/?bwg_gallery=juni-juli-2020\" target=\"_blank\">Juni-Juli 2020<\/a><\/li>\n<\/ul>\n<\/li>\n\n\n\n<li>Beispiele von Gl\u00fcckwunschkarten,<\/li>\n\n\n\n<li>neue Stellbilder<\/li>\n\n\n\n<li>und einen neuen Film.<\/li>\n<\/ul>\n\n\n\n<hr class=\"wp-block-separator has-css-opacity is-style-wide\"\/>\n\n\n\n<h4 class=\"wp-block-heading\">Letzte Beitr\u00e4ge:<\/h4>\n\n\n\n<p>08.04.2025: <strong><mark><a href=\"http:\/\/test.bildervomschmied.de\/wp-content\/uploads\/2025\/04\/2025-03_Einladung-Fruehling-2025_INTERNET.pdf\" data-type=\"URL\" data-id=\"http:\/\/test.bildervomschmied.de\/wp-content\/uploads\/2022\/10\/Einladung-Advent-2022.pdf\" target=\"_blank\" rel=\"noreferrer noopener\">Einladungskarte Fr\u00fchling\/Sommer 2025<\/a><\/mark><\/strong><\/p>\n\n\n\n<p>22.08.2023: <a href=\"http:\/\/test.bildervomschmied.de\/wp-content\/uploads\/2023\/08\/2023-07_Karte_Einzigartig_INTERNET.pdf\" data-type=\"link\" data-id=\"http:\/\/test.bildervomschmied.de\/wp-content\/uploads\/2023\/08\/2023-07_Karte_Einzigartig_INTERNET.pdf\" target=\"_blank\" rel=\"noreferrer noopener\"><strong>Einladung Heiteres Wochenende<\/strong><\/a><\/p>\n\n\n\n<p>18.10.2022: <mark><a rel=\"noreferrer noopener\" href=\"http:\/\/test.bildervomschmied.de\/wp-content\/uploads\/2022\/10\/Einladung-Advent-2022.pdf\" data-type=\"URL\" data-id=\"http:\/\/test.bildervomschmied.de\/wp-content\/uploads\/2022\/10\/Einladung-Advent-2022.pdf\" target=\"_blank\"><strong>Einladungskarte Advent 2022<\/strong><\/a><\/mark><\/p>\n\n\n\n<p>10.10.2022: <mark><strong><a href=\"http:\/\/test.bildervomschmied.de\/?page_id=2184\" data-type=\"URL\" data-id=\"http:\/\/test.bildervomschmied.de\/?page_id=2184\" target=\"_blank\" rel=\"noreferrer noopener\">Neue Bilder Oktober 2022<\/a><\/strong><\/mark><\/p>\n\n\n\n<p>05.04.2022: <mark style=\"background-color:rgba(0, 0, 0, 0)\" class=\"has-inline-color has-vivid-red-color\"><strong><a href=\"http:\/\/test.bildervomschmied.de\/wp-content\/uploads\/2022\/04\/2022-02_Faltflyer_Ostern-2022_INTERNET.pdf\">Einladungskarte Saisonstart 2022 <\/a><\/strong><\/mark><\/p>\n\n\n\n<p>04.04.2022: <mark style=\"background-color:rgba(0, 0, 0, 0)\" class=\"has-inline-color has-vivid-red-color\"><strong><a href=\"http:\/\/test.bildervomschmied.de\/wp-content\/uploads\/2022\/04\/Flyer-Aussenbilder-Saisonstart_INTERNET.pdf\" target=\"_blank\" rel=\"noreferrer noopener\">Outdoor-Bilder, beliebt und begehrt <\/a><\/strong><\/mark><\/p>\n\n\n\n<p>17.03.2022: <mark style=\"background-color:rgba(0, 0, 0, 0)\" class=\"has-inline-color has-vivid-red-color\"><strong><a rel=\"noreferrer noopener\" href=\"http:\/\/test.bildervomschmied.de\/?bwg_gallery=saisonstart-2022\" data-type=\"URL\" data-id=\"http:\/\/test.bildervomschmied.de\/?bwg_gallery=saisonstart-2022\" target=\"_blank\">Neue Bilder zum Saisonstart 2022<\/a><\/strong><\/mark><\/p>\n\n\n\n<p>27.12.2021:<mark style=\"background-color:rgba(0, 0, 0, 0)\" class=\"has-inline-color has-vivid-red-color\"> <\/mark><a rel=\"noreferrer noopener\" href=\"https:\/\/youtu.be\/7f-gFBRHLbo\" target=\"_blank\"><mark style=\"background-color:rgba(0, 0, 0, 0)\" class=\"has-inline-color has-vivid-red-color\"><strong>Video der Adventsausstellung 2021 ist online<\/strong><\/mark> <\/a> <\/p>\n\n\n\n<p>11.10.2021:<span class=\"has-inline-color has-vivid-red-color\"> <strong><a rel=\"noreferrer noopener\" href=\"http:\/\/test.bildervomschmied.de\/wp-content\/uploads\/2021\/10\/2021-09_Einladung-Advent-2021_INTERNET.pdf\" target=\"_blank\">Einladungskarte Adventsausstellung 2021 ist online<\/a><\/strong><\/span> <\/p>\n\n\n\n<p>07.10.2021:<span class=\"has-inline-color has-vivid-red-color\"> <strong><a rel=\"noreferrer noopener\" href=\"http:\/\/test.bildervomschmied.de\/?page_id=1901\" target=\"_blank\">Neue Bilder Sommer\/Herbst 2021 sind online<\/a><\/strong><\/span><\/p>\n\n\n\n<p>03.05.2021: <strong><a rel=\"noreferrer noopener\" href=\"http:\/\/test.bildervomschmied.de\/wp-content\/uploads\/2021\/05\/Gesamtkunstwerk_Internet.pdf\" target=\"_blank\">Ein Gesamtkunstwerk<\/a><\/strong><\/p>\n\n\n\n<p>25.01.2021: <strong><a rel=\"noreferrer noopener\" href=\"http:\/\/test.bildervomschmied.de\/wp-content\/uploads\/2021\/02\/Schmied-Haus_Ein-Klassiker.pdf\" target=\"_blank\">Das Schmied-Haus ein Klassiker<\/a><\/strong><\/p>\n\n\n\n<p>25.07.2020: <a href=\"http:\/\/test.bildervomschmied.de\/?page_id=876\"><strong>Neue Bilder Fr\u00fchjahr 2020<\/strong><\/a><\/p>\n\n\n\n<p>21.09.2019: <strong><a href=\"http:\/\/test.bildervomschmied.de\/wp-content\/uploads\/2019\/11\/2019-09_K\u00fchlungsborn-Flyer-Lagesb\u00fcttel_INTERNET.pdf\" target=\"_blank\" rel=\"noreferrer noopener\">Ostseereise K\u00fchlungsborn<\/a><\/strong><\/p>\n\n\n\n<p>23.08.2019: <strong><a href=\"http:\/\/test.bildervomschmied.de\/wp-content\/uploads\/2019\/08\/2019-04_DIN-A-5-Flyer_Braunschweiger-Zeitung_INTERNET.pdf\" target=\"_blank\" rel=\"noreferrer noopener\">Das war der Fr\u00fchling 2019&nbsp;<\/a><a href=\"http:\/\/test.bildervomschmied.de\/wp-content\/uploads\/2019\/08\/2019-04_DIN-A-5-Flyer_Braunschweiger-Zeitung_INTERNET.pdf\">in der kleinen Galerie in Lagesb\u00fcttel<\/a><\/strong><\/p>\n\n\n\n<p>10.04.2019: <strong><a href=\"http:\/\/test.bildervomschmied.de\/wp-content\/uploads\/2019\/05\/Plakat-Fr\u00fchjahr-Lagesb\u00fcttel_60x80cm_KORREKTUR.pdf\" target=\"_blank\" rel=\"noreferrer noopener\">Einladung zur Fr\u00fchlingsausstellung 2019<\/a><\/strong><\/p>\n\n\n\n<p>31.10.2018: <a href=\"http:\/\/test.bildervomschmied.de\/wp-content\/uploads\/2018\/11\/Weihnachtsausstellung_2018_R%C3%BCckseite.jpg\" target=\"_blank\" rel=\"noreferrer noopener\"><strong>Einladung zur Weihnachtsausstellung 2018<\/strong><\/a><\/p>\n\n\n\n<p>18.07.2018: <strong><a href=\"http:\/\/test.bildervomschmied.de\/wp-content\/uploads\/2018\/07\/2018-07_Plakat-Lienzing-Chiemsee.pdf\" target=\"_blank\" rel=\"noreferrer noopener\">Einladung zur Mini Vernissage am Chiemsee<\/a><\/strong><\/p>\n\n\n\n<p>25.05.2018: <a href=\"http:\/\/test.bildervomschmied.de\/?page_id=51\" target=\"_blank\" rel=\"noreferrer noopener\"><strong>Neue Datenschutzerkl\u00e4rung f\u00fcr diese Homepage<\/strong><\/a><\/p>\n\n\n\n<p>09.04.2018: <a href=\"http:\/\/test.bildervomschmied.de\/wp-content\/uploads\/2018\/04\/2018-02_Einladung-Fr\u00fchjahr_INTERNET.pdf\" target=\"_blank\" rel=\"noreferrer noopener\"><strong>Einladung Fr\u00fchlingsausstellung 2018<\/strong><\/a><\/p>\n\n\n\n<p>18.12.2017:&nbsp;<a href=\"http:\/\/bildervomschmied.de\/wp-content\/uploads\/2016\/02\/Das-war-Advent-2017_Faltblatt_INTERNET.pdf\" target=\"_blank\" rel=\"noreferrer noopener\"><strong>Das war Advent 2017<\/strong><\/a><\/p>\n\n\n\n<p>29.09.2017: <a href=\"http:\/\/test.bildervomschmied.de\/wp-content\/uploads\/2016\/02\/2017-09_Einladung-Advent_INTERNET.pdf\" target=\"_blank\" rel=\"noreferrer noopener\"><strong>Einladung Adventsausstellung Winter 2017<\/strong><\/a><\/p>\n\n\n\n<p>25 Jahre Bilder vom Schmied: <a href=\"http:\/\/test.bildervomschmied.de\/wp-content\/uploads\/2017\/04\/25Jahre-Einladung_INTERNET.pdf\" target=\"_blank\" rel=\"noreferrer noopener\"><strong>Flyer<\/strong> <strong>Fr\u00fchling 2017<\/strong><\/a><\/p>\n\n\n\n<p>05.03.2017: <a rel=\"noreferrer noopener\" href=\"http:\/\/test.bildervomschmied.de\/wp-content\/uploads\/2016\/02\/Schmied-Haus.pdf\" target=\"_blank\"><strong>Flyer &#8222;Schmied-Haus&#8220; &#8211; heute ein Klassiker<\/strong><\/a><\/p>\n\n\n\n<hr class=\"wp-block-separator has-css-opacity is-style-wide\"\/>\n\n\n\n<p><mark style=\"background-color:rgba(0, 0, 0, 0)\" class=\"has-inline-color has-vivid-cyan-blue-color\">Homepage&nbsp;<em>Carsten Rache<\/em><\/mark><\/p>\n\n\n\n<div class=\"wp-block-media-text alignwide is-stacked-on-mobile\" style=\"grid-template-columns:23% auto\"><figure class=\"wp-block-media-text__media\"><img loading=\"lazy\" decoding=\"async\" width=\"300\" height=\"225\" src=\"http:\/\/test.bildervomschmied.de\/wp-content\/uploads\/2016\/02\/Cartina-300x225.jpg\" alt=\"Cartina Rahmen\" class=\"wp-image-142 size-full\" srcset=\"http:\/\/test.bildervomschmied.de\/wp-content\/uploads\/2016\/02\/Cartina-300x225.jpg 300w, http:\/\/test.bildervomschmied.de\/wp-content\/uploads\/2016\/02\/Cartina-768x577.jpg 768w, http:\/\/test.bildervomschmied.de\/wp-content\/uploads\/2016\/02\/Cartina-400x300.jpg 400w, http:\/\/test.bildervomschmied.de\/wp-content\/uploads\/2016\/02\/Cartina.jpg 799w\" sizes=\"auto, (max-width: 300px) 100vw, 300px\" \/><\/figure><div class=\"wp-block-media-text__content\">\n<h5 class=\"wp-block-heading\"><strong><span style=\"background-color:rgba(0, 0, 0, 0)\" class=\"has-inline-color has-vivid-cyan-blue-color\"><a href=\"https:\/\/cartina-rahmen.de\" target=\"_blank\" rel=\"noreferrer noopener\">https:\/\/cartina-rahmen.de<\/a><\/span><\/strong><\/h5>\n\n\n\n<p><\/p>\n<\/div><\/div>\n\n\n\n<p><\/p>\n","protected":false},"excerpt":{"rendered":"<p>Liebe Fans, liebe Freunde: Eine Terminvereinbarung zur Besichtigung der Galerie ist jederzeit per E-Mail (horst.schmied@gmx.de) oder Telefonisch (0175-663 72 88) m\u00f6glich! Schmieds Bilder, weit \u00fcber Niedersachsen hinaus, l\u00e4ngst ein Begriff geworden, kann man seit 1992 (zweimal j\u00e4hrlich) in mehrw\u00f6chigen Ausstellungen be\u00e4ugen und erwerben. Nach Vereinbarung nat\u00fcrlich jederzeit. Pr\u00e4sentationen in Salzburg, Hamburg und Offenbach, auf Sylt, [&hellip;]<\/p>\n","protected":false},"author":1,"featured_media":0,"parent":0,"menu_order":0,"comment_status":"closed","ping_status":"closed","template":"","meta":{"site-sidebar-layout":"default","site-content-layout":"default","ast-site-content-layout":"default","site-content-style":"default","site-sidebar-style":"default","ast-global-header-display":"","ast-banner-title-visibility":"","ast-main-header-display":"","ast-hfb-above-header-display":"","ast-hfb-below-header-display":"","ast-hfb-mobile-header-display":"","site-post-title":"","ast-breadcrumbs-content":"","ast-featured-img":"","footer-sml-layout":"","theme-transparent-header-meta":"default","adv-header-id-meta":"","stick-header-meta":"","header-above-stick-meta":"","header-main-stick-meta":"","header-below-stick-meta":"","astra-migrate-meta-layouts":"set","ast-page-background-enabled":"default","ast-page-background-meta":{"desktop":{"background-color":"","background-image":"","background-repeat":"repeat","background-position":"center center","background-size":"auto","background-attachment":"scroll","background-type":"","background-media":"","overlay-type":"","overlay-color":"","overlay-opacity":"","overlay-gradient":""},"tablet":{"background-color":"","background-image":"","background-repeat":"repeat","background-position":"center center","background-size":"auto","background-attachment":"scroll","background-type":"","background-media":"","overlay-type":"","overlay-color":"","overlay-opacity":"","overlay-gradient":""},"mobile":{"background-color":"","background-image":"","background-repeat":"repeat","background-position":"center center","background-size":"auto","background-attachment":"scroll","background-type":"","background-media":"","overlay-type":"","overlay-color":"","overlay-opacity":"","overlay-gradient":""}},"ast-content-background-meta":{"desktop":{"background-color":"var(--ast-global-color-5)","background-image":"","background-repeat":"repeat","background-position":"center center","background-size":"auto","background-attachment":"scroll","background-type":"","background-media":"","overlay-type":"","overlay-color":"","overlay-opacity":"","overlay-gradient":""},"tablet":{"background-color":"var(--ast-global-color-5)","background-image":"","background-repeat":"repeat","background-position":"center center","background-size":"auto","background-attachment":"scroll","background-type":"","background-media":"","overlay-type":"","overlay-color":"","overlay-opacity":"","overlay-gradient":""},"mobile":{"background-color":"var(--ast-global-color-5)","background-image":"","background-repeat":"repeat","background-position":"center center","background-size":"auto","background-attachment":"scroll","background-type":"","background-media":"","overlay-type":"","overlay-color":"","overlay-opacity":"","overlay-gradient":""}},"footnotes":""},"class_list":["post-4","page","type-page","status-publish","hentry"],"_links":{"self":[{"href":"http:\/\/test.bildervomschmied.de\/index.php?rest_route=\/wp\/v2\/pages\/4","targetHints":{"allow":["GET"]}}],"collection":[{"href":"http:\/\/test.bildervomschmied.de\/index.php?rest_route=\/wp\/v2\/pages"}],"about":[{"href":"http:\/\/test.bildervomschmied.de\/index.php?rest_route=\/wp\/v2\/types\/page"}],"author":[{"embeddable":true,"href":"http:\/\/test.bildervomschmied.de\/index.php?rest_route=\/wp\/v2\/users\/1"}],"replies":[{"embeddable":true,"href":"http:\/\/test.bildervomschmied.de\/index.php?rest_route=%2Fwp%2Fv2%2Fcomments&post=4"}],"version-history":[{"count":473,"href":"http:\/\/test.bildervomschmied.de\/index.php?rest_route=\/wp\/v2\/pages\/4\/revisions"}],"predecessor-version":[{"id":2378,"href":"http:\/\/test.bildervomschmied.de\/index.php?rest_route=\/wp\/v2\/pages\/4\/revisions\/2378"}],"wp:attachment":[{"href":"http:\/\/test.bildervomschmied.de\/index.php?rest_route=%2Fwp%2Fv2%2Fmedia&parent=4"}],"curies":[{"name":"wp","href":"https:\/\/api.w.org\/{rel}","templated":true}]}}